{"id":7082,"date":"2020-02-19T15:32:32","date_gmt":"2020-02-19T14:32:32","guid":{"rendered":"https:\/\/indem.uc3m.es\/events\/xvi-international-accounting-research-symposium\/"},"modified":"2026-01-22T13:18:07","modified_gmt":"2026-01-22T12:18:07","slug":"xvi-international-accounting-research-symposium","status":"publish","type":"events","link":"https:\/\/indem.uc3m.es\/es\/events\/xvi-international-accounting-research-symposium\/","title":{"rendered":"XVI International Accounting Research Symposium"},"content":{"rendered":"<p>\n<\/p>\n<p style=\"text-align: justify;\">El simposio est\u00e1 dirigido a alumnos de doctorado e investigadores noveles en Contabilidad y Econom\u00eda Financiera. Representa una excelente oportunidad para asistir a conferencias de expertos de gran prestigio, conocer a otros investigadores y recibir comentarios de la investigaci\u00f3n en curso, tanto si se trata de trabajos avanzados (papers) como de propuestas de investigaci\u00f3n.\u00a0<\/p>\n<p style=\"text-align: justify;\"><span style=\"color: inherit;\">Dirigido por el Prof. Leandro Ca\u00f1ibano y coordinado por la Prof. Beatriz Garc\u00eda Osma,\u00a0<\/span><span style=\"color: inherit;\">la XVI edici\u00f3n del Simposio est\u00e1 organizada en colaboraci\u00f3n con el INDEM (Universidad Carlos III de Madrid), la Fundaci\u00f3n Ram\u00f3n Areces y la Universidad Aut\u00f3noma de Madrid, y contar\u00e1 con profesores de gran prestigio que presentar\u00e1n los \u00faltimos avances te\u00f3ricos y metodol\u00f3gicos en \u00e1reas de: Capital Markets, Corporate Governance, International Accounting y Management Accounting Research.\u00a0<\/span><\/p>\n<p style=\"text-align: justify;\"><\/p>\n<p style=\"margin-top: 5.76pt; margin-bottom: 0pt; line-height: 12.35px; text-align: justify; direction: ltr; unicode-bidi: embed; vertical-align: baseline;\"><\/p>\n<p style=\"text-align: justify;\"><span style=\"font-weight: bold;\">Lugar de celebraci\u00f3n y fechas<\/span><\/p>\n<div class=\"textoAvanzado\">\n<p style=\"text-align: justify;\">Online a trav\u00e9s de la\u00a0<a href=\"http:\/\/www.fundacionareces.es\/fundacionareces\/\" target=\"_blank\" style=\"font-weight: bold;\" rel=\"noopener\">Fundaci\u00f3n Ram\u00f3n Areces<\/a>,<a href=\"http:\/\/www.bris.ac.uk\/efm\/people\/chris-s-chapman\/overview.html\" target=\"_blank\" style=\"background-color: rgb(255, 255, 255); font-weight: bold;\" rel=\"noopener\"><\/a>\u00a0<span style=\"color: inherit;\">Madrid (ESPA\u00d1A).<\/span><\/p>\n<p style=\"text-align: justify;\">22 al 30 de noviembre 2021<\/p>\n<\/div>\n<p><\/p>\n<p style=\"text-align: justify;\"><span style=\"font-weight: bold; color: inherit;\">Profesores invitados<\/span><\/p>\n<p style=\"text-align: justify;\"><span style=\"color: inherit;\">Los profesores invitados y la documentaci\u00f3n para sus sesiones se lista a continuaci\u00f3n:<\/span><\/p>\n<ul>\n<li style=\"text-align: justify;\"><span style=\"color: inherit;\">Prof.\u00a0<\/span><a href=\"https:\/\/accounting.wharton.upenn.edu\/profile\/blouin\/\" target=\"_blank\" style=\"background-color: rgb(255, 255, 255); font-weight: bold;\" rel=\"noopener\">Jennifer Blouin<\/a><span style=\"color: inherit;\"><span style=\"font-weight: bold;\">\u00a0<\/span>(Wharton Business School)<\/span><span style=\"color: inherit;\">\u00a0<\/span><\/li>\n<li style=\"text-align: justify;\"><span style=\"color: inherit;\">Prof.\u00a0<\/span><a href=\"https:\/\/www.chicagobooth.edu\/faculty\/directory\/c\/hans-b-christensen\" target=\"_blank\" style=\"font-weight: bold;\" rel=\"noopener\">Hans B. Christensen<\/a><span style=\"color: inherit;\">\u00a0(University of Chicago).\u00a0<\/span><\/li>\n<li style=\"text-align: justify;\"><span style=\"color: inherit;\">Prof.\u00a0<\/span><a href=\"https:\/\/www.kenan-flagler.unc.edu\/faculty\/directory\/eva-labro\/\" target=\"_blank\" style=\"font-weight: bold;\" rel=\"noopener\">Eva Labro<\/a><span style=\"color: inherit;\"><span style=\"font-weight: bold;\">\u00a0<\/span>(University of North Carolina at Chapel Hill).\u00a0<\/span><\/li>\n<li style=\"box-sizing: border-box; text-align: justify;\"><span style=\"box-sizing: border-box; color: inherit;\">Prof.\u00a0<\/span><span style=\"font-weight: bold;\"><a href=\"https:\/\/www.london.edu\/faculty-and-research\/faculty-profiles\/v\/vasvari-v\" target=\"_blank\" rel=\"noopener\">Florin Vasvari<\/a>\u00a0<\/span>(London Business School).\u00a0<\/li>\n<\/ul>\n<p>Adem\u00e1s de estas sesiones con ponencias y discusi\u00f3n de trabajos, celebraremos un panel de editores, liderado por\u00a0<a href=\"https:\/\/warrington.ufl.edu\/directory\/person\/5296\/\" target=\"_blank\" style=\"font-weight: bold;\" rel=\"noopener\">W. Robert Knechel<\/a><a href=\"https:\/\/warrington.ufl.edu\/directory\/person\/5296\/\" target=\"_blank\" style=\"font-weight: bold;\" rel=\"noopener\"><\/a><span style=\"color: inherit;\">\u00a0(University of Florida), senior editor de la revista l\u00edder del \u00e1rea: The Accounting Review. En dicho panel, participar\u00e1n como panelistas,\u00a0<\/span><a href=\"https:\/\/business.uc3m.es\/en\/faculty\/profesor\/perfil\/juan-manuel-garcia-lara\" target=\"_blank\" style=\"background-color: rgb(255, 255, 255); font-weight: bold;\">Juan M. Garc\u00eda Lara<\/a><span style=\"color: inherit;\">\u00a0<\/span><span style=\"color: inherit;\">\u00a0(editor, Accounting and Business Research), y\u00a0<\/span><a href=\"https:\/\/business.uc3m.es\/en\/faculty\/profesor\/perfil\/beatriz-garcia-osma\" target=\"_blank\" style=\"background-color: rgb(255, 255, 255); font-weight: bold;\">Beatriz Garc\u00eda Osma <\/a><span style=\"color: inherit;\">\u00a0(editor, European Accounting Review), ambos de la Universidad Carlos III de Madrid.<\/span><\/p>\n<p class=\"MsoNormal\" style=\"text-align:justify;mso-outline-level:1\"><span lang=\"EN-US\" style=\"font-size:11.0pt;font-family:\" georgia\",serif;mso-ansi-language:en-us\"=\"\"><o:p><\/o:p><\/span><\/p>\n<p><\/p>\n<p><span style=\"font-weight: bold;\">Presentaciones de participantes<\/span><\/p>\n<p>Tras las presentaciones de los profesores invitados, habr\u00e1 presentaciones por parte de los asistentes, dando prioriodad a aquellos participantes que hayan desarrollado estudios relacionados con los temas discutidos por los ponentes.<\/p>\n<p><\/p>\n<p style=\"text-align: justify;\"><span style=\"font-weight: bold;\">Programa del Simposio (todas las sesiones online)<\/span><\/p>\n<p><a href=\"https:\/\/indem.uc3m.es\/pdf\/1635351780-16ARS_MadridProgramme_2021_FRA.pdf\" target=\"_blank\" style=\"font-weight: bold;\">Descargar el programa del Simposio (Online)<\/a><a href=\"https:\/\/indem.uc3m.es\/pdf\/1635351780-16ARS_MadridProgramme_2021_FRA.pdf\"><\/a><a href=\"https:\/\/indem.uc3m.es\/pdf\/1635172095-MadridProgramme_2021_FRA.pdf\"><\/a><a href=\"https:\/\/indem.uc3m.es\/pdf\/1634630641-16ARS_MadridProgramme_2021_FRA.pdf\" target=\"_blank\" style=\"font-weight: bold;\"><\/a><a href=\"https:\/\/indem.uc3m.es\/pdf\/1634630641-16ARS_MadridProgramme_2021_FRA.pdf\"><\/a><a href=\"http:\/\/indem.uc3m.es\/pdf\/1582126516-16ARS_MadridProgramme.pdf\" target=\"_blank\" style=\"background-color: rgb(255, 255, 255); font-weight: bold;\"><\/a><\/p>\n<p style=\"text-align: justify;\"><\/p>\n<p style=\"text-align: justify;\"><span style=\"font-weight: bold; color: inherit;\">Registro, tasas y becas<\/span><\/p>\n<div class=\"textoAvanzado\">\n<p style=\"text-align: justify;\"><strong>INSCRIPCI\u00d3N: GRATUITA<\/strong><\/p>\n<p style=\"text-align: justify;\">La inscripci\u00f3n es gratuita y est\u00e1 abierta hasta el\u00a0<span style=\"font-weight: bold; text-decoration-line: underline;\">15 de noviembre de 2021<\/span>.\u00a0<\/p>\n<p style=\"text-align: justify;\">Para registrase, por favor enviar un e-mail a\u00a0\u00a0<a href=\"mailto:conference_business@uc3m.es\">conference_business@uc3m.es<\/a>.\u00a0Si se solicita presentar trabajo, debe incluirse la siguiente informaci\u00f3n:<\/p>\n<ul>\n<li style=\"text-align: justify;\">Nombre, Apellidos y Universidad<\/li>\n<li style=\"text-align: justify;\">Trabajo o propuesta de investigaci\u00f3n<\/li>\n<\/ul>\n<p style=\"text-align: justify;\"><\/p>\n<p style=\"text-align: justify;\"><span style=\"font-weight: bold;\">Call for papers\u00a0<\/span><\/p>\n<p style=\"text-align: justify;\">NO HACE FALTA ENVIAR UN TRABAJO PARA ASISTIR AL SIMPOSIO<\/p>\n<p style=\"text-align: justify;\">El Simposio se estructura en torno a una serie de sesiones impartidas por expertos en las distintas \u00e1reas de conocimiento que figuran en el programa y por ello, est\u00e1 dirigido a alumnos de doctorado en fases iniciales y profesores, profesionales e investigadores que quieran actualizar sus conocimientos en dichos temas.<\/p>\n<p style=\"text-align: justify;\">En todo caso, existe la oportunidad para que un n\u00famero reducido de participantes puedan presentar sus investigaciones y recibir comentarios de los expertos asistentes. Por ello, se anima a los participantes que as\u00ed lo deseen a que env\u00eden sus propuestas\/trabajos al simposio. Trabajos relacionados con las \u00e1reas de investigaci\u00f3n de los ponentes y preparados por investigadores noveles tendr\u00e1n preferencia a la hora de ser invitados para su presentaci\u00f3n en una de las sesiones. En estas sesiones participar\u00e1n tambi\u00e9n<span style=\"color: inherit;\">\u00a0profesores de las universidades organizadoras: Universidad Carlos III de Madrid y Universidad Aut\u00f3noma de Madrid.<\/span><\/p>\n<p style=\"text-align: justify;\"><span style=\"color: inherit;\">Para asistir al Simposio y registrarse:<\/span><\/p>\n<\/div>\n<div class=\"textoAvanzado\">\n<ul>\n<li style=\"text-align: justify;\"><a href=\"https:\/\/indem.uc3m.es\/pdf\/1634630925-form.pdf\" style=\"font-weight: bold;\">Descargar y rellenar el formulario de registro<\/a>\u00a0<a href=\"https:\/\/indem.uc3m.es\/pdf\/1634630925-form.pdf\"><\/a><a href=\"http:\/\/indem.uc3m.es\/pdf\/1582705209-Registration.pdf\" target=\"_blank\"><\/a><a href=\"http:\/\/indem.uc3m.es\/pdf\/1518888923-solicitud.pdf\" target=\"_blank\" style=\"font-weight: bold;\"><\/a>antes del\u00a0<span style=\"font-weight: bold; text-decoration-line: underline;\">15 de noviembre, 2021<\/span>.<\/li>\n<\/ul>\n<p style=\"text-align: justify;\">Si se quiere mandar un trabajo\/propuesta, debe por favor adjuntarse tambi\u00e9n cuando se mande toda la informaci\u00f3n a<span style=\"color: inherit;\">\u00a0<\/span><a href=\"mailto:conference_business@uc3m.es\" style=\"background-color: rgb(255, 255, 255);\">conference_business@uc3m.es<\/a><span style=\"color: inherit;\">.<\/span><\/p>\n<p style=\"text-align: justify;\"><\/p>\n<p style=\"text-align: justify;\"><span style=\"font-weight: bold;\">Informaci\u00f3n y contacto<\/span><\/p>\n<\/div>\n<div class=\"textoAvanzado\">\n<p style=\"text-align: justify;\">Estela Mart\u00ednez Garrido<\/p>\n<p style=\"text-align: justify;\"><span style=\"color: inherit;\">email:\u00a0<\/span><a href=\"mailto:conference_business@uc3m.es\" style=\"background-color: rgb(255, 255, 255);\">conference_business@uc3m.es<\/a><span style=\"color: inherit;\">.<\/span><\/p>\n<p style=\"text-align: justify;\">Tel.: +34 916249610\u00a0<\/p>\n<\/div><\/p>\n","protected":false},"featured_media":1545,"template":"","meta":{"site-sidebar-layout":"default","site-content-layout":"","ast-site-content-layout":"default","site-content-style":"default","site-sidebar-style":"default","ast-global-header-display":"","ast-banner-title-visibility":"","ast-main-header-display":"","ast-hfb-above-header-display":"","ast-hfb-below-header-display":"","ast-hfb-mobile-header-display":"","site-post-title":"","ast-breadcrumbs-content":"","ast-featured-img":"","footer-sml-layout":"","ast-disable-related-posts":"","theme-transparent-header-meta":"","adv-header-id-meta":"","stick-header-meta":"","header-above-stick-meta":"","header-main-stick-meta":"","header-below-stick-meta":"","astra-migrate-meta-layouts":"default","ast-page-background-enabled":"default","ast-page-background-meta":{"desktop":{"background-color":"","background-image":"","background-repeat":"repeat","background-position":"center center","background-size":"auto","background-attachment":"scroll","background-type":"","background-media":"","overlay-type":"","overlay-color":"","overlay-opacity":"","overlay-gradient":""},"tablet":{"background-color":"","background-image":"","background-repeat":"repeat","background-position":"center center","background-size":"auto","background-attachment":"scroll","background-type":"","background-media":"","overlay-type":"","overlay-color":"","overlay-opacity":"","overlay-gradient":""},"mobile":{"background-color":"","background-image":"","background-repeat":"repeat","background-position":"center center","background-size":"auto","background-attachment":"scroll","background-type":"","background-media":"","overlay-type":"","overlay-color":"","overlay-opacity":"","overlay-gradient":""}},"ast-content-background-meta":{"desktop":{"background-color":"var(--ast-global-color-5)","background-image":"","background-repeat":"repeat","background-position":"center center","background-size":"auto","background-attachment":"scroll","background-type":"","background-media":"","overlay-type":"","overlay-color":"","overlay-opacity":"","overlay-gradient":""},"tablet":{"background-color":"var(--ast-global-color-5)","background-image":"","background-repeat":"repeat","background-position":"center center","background-size":"auto","background-attachment":"scroll","background-type":"","background-media":"","overlay-type":"","overlay-color":"","overlay-opacity":"","overlay-gradient":""},"mobile":{"background-color":"var(--ast-global-color-5)","background-image":"","background-repeat":"repeat","background-position":"center center","background-size":"auto","background-attachment":"scroll","background-type":"","background-media":"","overlay-type":"","overlay-color":"","overlay-opacity":"","overlay-gradient":""}}},"year-events":[54],"class_list":["post-7082","events","type-events","status-publish","has-post-thumbnail","hentry","year-events-54"],"_links":{"self":[{"href":"https:\/\/indem.uc3m.es\/es\/wp-json\/wp\/v2\/events\/7082","targetHints":{"allow":["GET"]}}],"collection":[{"href":"https:\/\/indem.uc3m.es\/es\/wp-json\/wp\/v2\/events"}],"about":[{"href":"https:\/\/indem.uc3m.es\/es\/wp-json\/wp\/v2\/types\/events"}],"wp:featuredmedia":[{"embeddable":true,"href":"https:\/\/indem.uc3m.es\/es\/wp-json\/wp\/v2\/media\/1545"}],"wp:attachment":[{"href":"https:\/\/indem.uc3m.es\/es\/wp-json\/wp\/v2\/media?parent=7082"}],"wp:term":[{"taxonomy":"year-events","embeddable":true,"href":"https:\/\/indem.uc3m.es\/es\/wp-json\/wp\/v2\/year-events?post=7082"}],"curies":[{"name":"wp","href":"https:\/\/api.w.org\/{rel}","templated":true}]}}