{"id":7173,"date":"2026-01-22T13:52:49","date_gmt":"2026-01-22T12:52:49","guid":{"rendered":"https:\/\/indem.uc3m.es\/?page_id=7173"},"modified":"2026-01-22T14:07:14","modified_gmt":"2026-01-22T13:07:14","slug":"eventos","status":"publish","type":"page","link":"https:\/\/indem.uc3m.es\/es\/eventos\/","title":{"rendered":"Eventos"},"content":{"rendered":"\t\t<div data-elementor-type=\"wp-page\" data-elementor-id=\"7173\" class=\"elementor elementor-7173\" data-elementor-post-type=\"page\">\n\t\t\t\t<div data-particle_enable=\"false\" data-particle-mobile-disabled=\"false\" class=\"elementor-element elementor-element-72a5068 e-flex e-con-boxed e-con e-parent\" data-id=\"72a5068\" data-element_type=\"container\" data-e-type=\"container\" data-settings=\"{&quot;background_background&quot;:&quot;classic&quot;,&quot;jet_parallax_layout_list&quot;:[]}\">\n\t\t\t\t\t<div class=\"e-con-inner\">\n\t\t<div data-particle_enable=\"false\" data-particle-mobile-disabled=\"false\" class=\"elementor-element elementor-element-a339cfa e-con-full e-flex e-con e-child\" data-id=\"a339cfa\" data-element_type=\"container\" data-e-type=\"container\" data-settings=\"{&quot;jet_parallax_layout_list&quot;:[]}\">\n\t\t\t\t<div class=\"elementor-element elementor-element-055701a elementor-widget elementor-widget-heading\" data-id=\"055701a\" data-element_type=\"widget\" data-e-type=\"widget\" data-widget_type=\"heading.default\">\n\t\t\t\t\t<h1 class=\"elementor-heading-title elementor-size-default\">Eventos<\/h1>\t\t\t\t<\/div>\n\t\t\t\t<\/div>\n\t\t\t\t\t<\/div>\n\t\t\t\t<\/div>\n\t\t<div data-particle_enable=\"false\" data-particle-mobile-disabled=\"false\" class=\"elementor-element elementor-element-b03c20c e-flex e-con-boxed e-con e-parent\" data-id=\"b03c20c\" data-element_type=\"container\" data-e-type=\"container\" data-settings=\"{&quot;jet_parallax_layout_list&quot;:[]}\">\n\t\t\t\t\t<div class=\"e-con-inner\">\n\t\t\t\t<div class=\"elementor-element elementor-element-ce46de4 elementor-grid-3 elementor-grid-tablet-2 elementor-grid-mobile-1 elementor-posts--thumbnail-top elementor-card-shadow-yes elementor-posts__hover-gradient elementor-widget elementor-widget-posts\" data-id=\"ce46de4\" data-element_type=\"widget\" data-e-type=\"widget\" data-settings=\"{&quot;pagination_type&quot;:&quot;numbers_and_prev_next&quot;,&quot;cards_columns&quot;:&quot;3&quot;,&quot;cards_columns_tablet&quot;:&quot;2&quot;,&quot;cards_columns_mobile&quot;:&quot;1&quot;,&quot;cards_row_gap&quot;:{&quot;unit&quot;:&quot;px&quot;,&quot;size&quot;:35,&quot;sizes&quot;:[]},&quot;cards_row_gap_tablet&quot;:{&quot;unit&quot;:&quot;px&quot;,&quot;size&quot;:&quot;&quot;,&quot;sizes&quot;:[]},&quot;cards_row_gap_mobile&quot;:{&quot;unit&quot;:&quot;px&quot;,&quot;size&quot;:&quot;&quot;,&quot;sizes&quot;:[]}}\" data-widget_type=\"posts.cards\">\n\t\t\t\t<div class=\"elementor-widget-container\">\n\t\t\t\t\t\t\t<div class=\"elementor-posts-container elementor-posts elementor-posts--skin-cards elementor-grid\" role=\"list\">\n\t\t\t\t<article class=\"elementor-post elementor-grid-item post-7106 events type-events status-publish has-post-thumbnail hentry year-events-59\" role=\"listitem\">\n\t\t\t<div class=\"elementor-post__card\">\n\t\t\t\t<a class=\"elementor-post__thumbnail__link\" href=\"https:\/\/indem.uc3m.es\/es\/events\/xix-international-research-symposium-for-accounting-academics\/\" tabindex=\"-1\" ><div class=\"elementor-post__thumbnail\"><img decoding=\"async\" width=\"300\" height=\"109\" src=\"https:\/\/indem.uc3m.es\/wp-content\/uploads\/2026\/01\/workshop-1745490687-300x109.jpg\" class=\"attachment-medium size-medium wp-image-7107\" alt=\"XIX International Research Symposium for Accounting Academics\" srcset=\"https:\/\/indem.uc3m.es\/wp-content\/uploads\/2026\/01\/workshop-1745490687-300x109.jpg 300w, https:\/\/indem.uc3m.es\/wp-content\/uploads\/2026\/01\/workshop-1745490687-1024x372.jpg 1024w, https:\/\/indem.uc3m.es\/wp-content\/uploads\/2026\/01\/workshop-1745490687-768x279.jpg 768w, https:\/\/indem.uc3m.es\/wp-content\/uploads\/2026\/01\/workshop-1745490687.jpg 1444w\" sizes=\"(max-width: 300px) 100vw, 300px\" \/><\/div><\/a>\n\t\t\t\t<div class=\"elementor-post__badge\">2025<\/div>\n\t\t\t\t<div class=\"elementor-post__text\">\n\t\t\t\t<h3 class=\"elementor-post__title\">\n\t\t\t<a href=\"https:\/\/indem.uc3m.es\/es\/events\/xix-international-research-symposium-for-accounting-academics\/\" >\n\t\t\t\tXIX International Research Symposium for Accounting Academics\t\t\t<\/a>\n\t\t<\/h3>\n\t\t\t\t<div class=\"elementor-post__excerpt\">\n\t\t\t<p>The Symposium is addressed to PhD students, early stage faculty and researchers in Accounting and Finance. It represents a unique opportunity to attend lectures by expert faculty, and also, to interact with colleagues and receive feedback both on developed (papers) and developing projects (early stage ideas). This XVIII edition is<\/p>\n\t\t<\/div>\n\t\t\n\t\t<a class=\"elementor-post__read-more\" href=\"https:\/\/indem.uc3m.es\/es\/events\/xix-international-research-symposium-for-accounting-academics\/\" aria-label=\"M\u00e1s informaci\u00f3n sobre XIX International Research Symposium for Accounting Academics\" tabindex=\"-1\" >\n\t\t\tLeer m\u00e1s \u00bb\t\t<\/a>\n\n\t\t\t\t<\/div>\n\t\t\t\t<div class=\"elementor-post__meta-data\">\n\t\t\t\t\t<span class=\"elementor-post-date\">\n\t\t\tabril 22, 2025\t\t<\/span>\n\t\t\t\t<\/div>\n\t\t\t\t\t<\/div>\n\t\t<\/article>\n\t\t\t\t<article class=\"elementor-post elementor-grid-item post-7105 events type-events status-publish has-post-thumbnail hentry year-events-59\" role=\"listitem\">\n\t\t\t<div class=\"elementor-post__card\">\n\t\t\t\t<a class=\"elementor-post__thumbnail__link\" href=\"https:\/\/indem.uc3m.es\/es\/events\/7a-edicion-workshop-viviendo-la-experiencia-de-emprender-emprendimiento-y-empresa-familiar-iii\/\" tabindex=\"-1\" ><div class=\"elementor-post__thumbnail\"><img decoding=\"async\" width=\"300\" height=\"109\" src=\"https:\/\/indem.uc3m.es\/wp-content\/uploads\/2025\/03\/news-1737031164-300x109.jpg\" class=\"attachment-medium size-medium wp-image-1642\" alt=\"7\u00aa Edici\u00f3n Workshop Viviendo la Experiencia de Emprender. Emprendimiento y Empresa Familiar III\" srcset=\"https:\/\/indem.uc3m.es\/wp-content\/uploads\/2025\/03\/news-1737031164-300x109.jpg 300w, https:\/\/indem.uc3m.es\/wp-content\/uploads\/2025\/03\/news-1737031164-1024x371.jpg 1024w, https:\/\/indem.uc3m.es\/wp-content\/uploads\/2025\/03\/news-1737031164-768x278.jpg 768w, https:\/\/indem.uc3m.es\/wp-content\/uploads\/2025\/03\/news-1737031164.jpg 1140w\" sizes=\"(max-width: 300px) 100vw, 300px\" \/><\/div><\/a>\n\t\t\t\t<div class=\"elementor-post__badge\">2025<\/div>\n\t\t\t\t<div class=\"elementor-post__text\">\n\t\t\t\t<h3 class=\"elementor-post__title\">\n\t\t\t<a href=\"https:\/\/indem.uc3m.es\/es\/events\/7a-edicion-workshop-viviendo-la-experiencia-de-emprender-emprendimiento-y-empresa-familiar-iii\/\" >\n\t\t\t\t7\u00aa Edici\u00f3n Workshop Viviendo la Experiencia de Emprender. Emprendimiento y Empresa Familiar III\t\t\t<\/a>\n\t\t<\/h3>\n\t\t\t\t<div class=\"elementor-post__excerpt\">\n\t\t\t<p>El Workshop est\u00e1 dirigido a: Emprendedores Empresas familiares y familias empresarias Estudiantado de grado y postgrado P\u00fablico en general interesado en esta materia Programa programa Lugar y fecha de celebraci\u00f3n Campus de Getafe:\u00a0 Lunes 17 de febrero de 2025 de 9.30h a 14h: Aula 11.1.16 Martes 18 de febrero de<\/p>\n\t\t<\/div>\n\t\t\n\t\t<a class=\"elementor-post__read-more\" href=\"https:\/\/indem.uc3m.es\/es\/events\/7a-edicion-workshop-viviendo-la-experiencia-de-emprender-emprendimiento-y-empresa-familiar-iii\/\" aria-label=\"M\u00e1s informaci\u00f3n sobre 7\u00aa Edici\u00f3n Workshop Viviendo la Experiencia de Emprender. Emprendimiento y Empresa Familiar III\" tabindex=\"-1\" >\n\t\t\tLeer m\u00e1s \u00bb\t\t<\/a>\n\n\t\t\t\t<\/div>\n\t\t\t\t<div class=\"elementor-post__meta-data\">\n\t\t\t\t\t<span class=\"elementor-post-date\">\n\t\t\tenero 15, 2025\t\t<\/span>\n\t\t\t\t<\/div>\n\t\t\t\t\t<\/div>\n\t\t<\/article>\n\t\t\t\t<article class=\"elementor-post elementor-grid-item post-7104 events type-events status-publish has-post-thumbnail hentry year-events-58\" role=\"listitem\">\n\t\t\t<div class=\"elementor-post__card\">\n\t\t\t\t<a class=\"elementor-post__thumbnail__link\" href=\"https:\/\/indem.uc3m.es\/es\/events\/xviii-international-research-symposium-for-accounting-adademics\/\" tabindex=\"-1\" ><div class=\"elementor-post__thumbnail\"><img decoding=\"async\" width=\"300\" height=\"109\" src=\"https:\/\/indem.uc3m.es\/wp-content\/uploads\/2025\/03\/news-1716463562-300x109.jpg\" class=\"attachment-medium size-medium wp-image-1639\" alt=\"XVIII International Research Symposium for Accounting Adademics\" srcset=\"https:\/\/indem.uc3m.es\/wp-content\/uploads\/2025\/03\/news-1716463562-300x109.jpg 300w, https:\/\/indem.uc3m.es\/wp-content\/uploads\/2025\/03\/news-1716463562-1024x372.jpg 1024w, https:\/\/indem.uc3m.es\/wp-content\/uploads\/2025\/03\/news-1716463562-768x279.jpg 768w, https:\/\/indem.uc3m.es\/wp-content\/uploads\/2025\/03\/news-1716463562.jpg 1487w\" sizes=\"(max-width: 300px) 100vw, 300px\" \/><\/div><\/a>\n\t\t\t\t<div class=\"elementor-post__badge\">2024<\/div>\n\t\t\t\t<div class=\"elementor-post__text\">\n\t\t\t\t<h3 class=\"elementor-post__title\">\n\t\t\t<a href=\"https:\/\/indem.uc3m.es\/es\/events\/xviii-international-research-symposium-for-accounting-adademics\/\" >\n\t\t\t\tXVIII International Research Symposium for Accounting Adademics\t\t\t<\/a>\n\t\t<\/h3>\n\t\t\t\t<div class=\"elementor-post__excerpt\">\n\t\t\t<p>The Symposium is addressed to PhD students, early stage faculty and researchers in Accounting and Finance. It represents a unique opportunity to attend lectures by expert faculty, and also, to interact with colleagues and receive feedback both on developed (papers) and developing projects (early stage ideas). This XVIII edition is<\/p>\n\t\t<\/div>\n\t\t\n\t\t<a class=\"elementor-post__read-more\" href=\"https:\/\/indem.uc3m.es\/es\/events\/xviii-international-research-symposium-for-accounting-adademics\/\" aria-label=\"M\u00e1s informaci\u00f3n sobre XVIII International Research Symposium for Accounting Adademics\" tabindex=\"-1\" >\n\t\t\tLeer m\u00e1s \u00bb\t\t<\/a>\n\n\t\t\t\t<\/div>\n\t\t\t\t<div class=\"elementor-post__meta-data\">\n\t\t\t\t\t<span class=\"elementor-post-date\">\n\t\t\tmayo 23, 2024\t\t<\/span>\n\t\t\t\t<\/div>\n\t\t\t\t\t<\/div>\n\t\t<\/article>\n\t\t\t\t<article class=\"elementor-post elementor-grid-item post-7103 events type-events status-publish has-post-thumbnail hentry year-events-58\" role=\"listitem\">\n\t\t\t<div class=\"elementor-post__card\">\n\t\t\t\t<a class=\"elementor-post__thumbnail__link\" href=\"https:\/\/indem.uc3m.es\/es\/events\/thought-leader-conference-innovacion-para-una-sociedad-digital-y-que-envejece\/\" tabindex=\"-1\" ><div class=\"elementor-post__thumbnail\"><img loading=\"lazy\" decoding=\"async\" width=\"300\" height=\"109\" src=\"https:\/\/indem.uc3m.es\/wp-content\/uploads\/2025\/03\/news-1713867158-300x109.jpg\" class=\"attachment-medium size-medium wp-image-1636\" alt=\"THOUGHT LEADER CONFERENCE: Innovaci\u00f3n para una sociedad digital y que envejece\" srcset=\"https:\/\/indem.uc3m.es\/wp-content\/uploads\/2025\/03\/news-1713867158-300x109.jpg 300w, https:\/\/indem.uc3m.es\/wp-content\/uploads\/2025\/03\/news-1713867158-1024x372.jpg 1024w, https:\/\/indem.uc3m.es\/wp-content\/uploads\/2025\/03\/news-1713867158-768x279.jpg 768w, https:\/\/indem.uc3m.es\/wp-content\/uploads\/2025\/03\/news-1713867158.jpg 1245w\" sizes=\"(max-width: 300px) 100vw, 300px\" \/><\/div><\/a>\n\t\t\t\t<div class=\"elementor-post__badge\">2024<\/div>\n\t\t\t\t<div class=\"elementor-post__text\">\n\t\t\t\t<h3 class=\"elementor-post__title\">\n\t\t\t<a href=\"https:\/\/indem.uc3m.es\/es\/events\/thought-leader-conference-innovacion-para-una-sociedad-digital-y-que-envejece\/\" >\n\t\t\t\tTHOUGHT LEADER CONFERENCE: Innovaci\u00f3n para una sociedad digital y que envejece\t\t\t<\/a>\n\t\t<\/h3>\n\t\t\t\t<div class=\"elementor-post__excerpt\">\n\t\t\t<p>Nuestro mundo evoluciona a un ritmo sin precedentes, al igual que los retos a los que nos enfrentamos. Uno de ellos se encuentra en la intersecci\u00f3n de la tecnolog\u00eda y el cambio demogr\u00e1fico de una sociedad que envejece. Esto supone una oportunidad \u00fanica para aprovechar el poder de la innovaci\u00f3n<\/p>\n\t\t<\/div>\n\t\t\n\t\t<a class=\"elementor-post__read-more\" href=\"https:\/\/indem.uc3m.es\/es\/events\/thought-leader-conference-innovacion-para-una-sociedad-digital-y-que-envejece\/\" aria-label=\"M\u00e1s informaci\u00f3n sobre THOUGHT LEADER CONFERENCE: Innovaci\u00f3n para una sociedad digital y que envejece\" tabindex=\"-1\" >\n\t\t\tLeer m\u00e1s \u00bb\t\t<\/a>\n\n\t\t\t\t<\/div>\n\t\t\t\t<div class=\"elementor-post__meta-data\">\n\t\t\t\t\t<span class=\"elementor-post-date\">\n\t\t\tabril 23, 2024\t\t<\/span>\n\t\t\t\t<\/div>\n\t\t\t\t\t<\/div>\n\t\t<\/article>\n\t\t\t\t<article class=\"elementor-post elementor-grid-item post-7102 events type-events status-publish has-post-thumbnail hentry year-events-58\" role=\"listitem\">\n\t\t\t<div class=\"elementor-post__card\">\n\t\t\t\t<a class=\"elementor-post__thumbnail__link\" href=\"https:\/\/indem.uc3m.es\/es\/events\/euro-hope-mini-conference-2024\/\" tabindex=\"-1\" ><div class=\"elementor-post__thumbnail\"><img loading=\"lazy\" decoding=\"async\" width=\"300\" height=\"109\" src=\"https:\/\/indem.uc3m.es\/wp-content\/uploads\/2025\/03\/news-1718176599-300x109.jpg\" class=\"attachment-medium size-medium wp-image-1633\" alt=\"EURO HOpe Mini-Conference 2024\" srcset=\"https:\/\/indem.uc3m.es\/wp-content\/uploads\/2025\/03\/news-1718176599-300x109.jpg 300w, https:\/\/indem.uc3m.es\/wp-content\/uploads\/2025\/03\/news-1718176599-1024x371.jpg 1024w, https:\/\/indem.uc3m.es\/wp-content\/uploads\/2025\/03\/news-1718176599-768x278.jpg 768w, https:\/\/indem.uc3m.es\/wp-content\/uploads\/2025\/03\/news-1718176599.jpg 1140w\" sizes=\"(max-width: 300px) 100vw, 300px\" \/><\/div><\/a>\n\t\t\t\t<div class=\"elementor-post__badge\">2024<\/div>\n\t\t\t\t<div class=\"elementor-post__text\">\n\t\t\t\t<h3 class=\"elementor-post__title\">\n\t\t\t<a href=\"https:\/\/indem.uc3m.es\/es\/events\/euro-hope-mini-conference-2024\/\" >\n\t\t\t\tEURO HOpe Mini-Conference 2024\t\t\t<\/a>\n\t\t<\/h3>\n\t\t\t\t<div class=\"elementor-post__excerpt\">\n\t\t\t<p>El EURO Working Group on Humanitarian Operations y la Universidad Carlos III de Madrid, Department of Business Administration se complacen en anunciar la 8\u00aa EURO HOpe Mini-Conference, que ser\u00e1 presencial y tendr\u00e1 lugar en Madrid, Espa\u00f1a. El objetivo de la miniconferencia es reunir a investigadores y profesionales que desarrollan y<\/p>\n\t\t<\/div>\n\t\t\n\t\t<a class=\"elementor-post__read-more\" href=\"https:\/\/indem.uc3m.es\/es\/events\/euro-hope-mini-conference-2024\/\" aria-label=\"M\u00e1s informaci\u00f3n sobre EURO HOpe Mini-Conference 2024\" tabindex=\"-1\" >\n\t\t\tLeer m\u00e1s \u00bb\t\t<\/a>\n\n\t\t\t\t<\/div>\n\t\t\t\t<div class=\"elementor-post__meta-data\">\n\t\t\t\t\t<span class=\"elementor-post-date\">\n\t\t\tabril 4, 2024\t\t<\/span>\n\t\t\t\t<\/div>\n\t\t\t\t\t<\/div>\n\t\t<\/article>\n\t\t\t\t<article class=\"elementor-post elementor-grid-item post-7101 events type-events status-publish has-post-thumbnail hentry year-events-58\" role=\"listitem\">\n\t\t\t<div class=\"elementor-post__card\">\n\t\t\t\t<a class=\"elementor-post__thumbnail__link\" href=\"https:\/\/indem.uc3m.es\/es\/events\/nagymaros-conference\/\" tabindex=\"-1\" ><div class=\"elementor-post__thumbnail\"><img loading=\"lazy\" decoding=\"async\" width=\"300\" height=\"109\" src=\"https:\/\/indem.uc3m.es\/wp-content\/uploads\/2025\/03\/news-1714043834-300x109.jpg\" class=\"attachment-medium size-medium wp-image-1630\" alt=\"Nagymaros Conference\" srcset=\"https:\/\/indem.uc3m.es\/wp-content\/uploads\/2025\/03\/news-1714043834-300x109.jpg 300w, https:\/\/indem.uc3m.es\/wp-content\/uploads\/2025\/03\/news-1714043834-1024x371.jpg 1024w, https:\/\/indem.uc3m.es\/wp-content\/uploads\/2025\/03\/news-1714043834-768x278.jpg 768w, https:\/\/indem.uc3m.es\/wp-content\/uploads\/2025\/03\/news-1714043834.jpg 1140w\" sizes=\"(max-width: 300px) 100vw, 300px\" \/><\/div><\/a>\n\t\t\t\t<div class=\"elementor-post__badge\">2024<\/div>\n\t\t\t\t<div class=\"elementor-post__text\">\n\t\t\t\t<h3 class=\"elementor-post__title\">\n\t\t\t<a href=\"https:\/\/indem.uc3m.es\/es\/events\/nagymaros-conference\/\" >\n\t\t\t\tNagymaros Conference\t\t\t<\/a>\n\t\t<\/h3>\n\t\t\t\t<div class=\"elementor-post__excerpt\">\n\t\t\t<p>La Conferencia Nagymaros es una conferencia sobre sociolog\u00eda econ\u00f3mica a la que s\u00f3lo se puede asistir por invitaci\u00f3n y que se centra especialmente en la sociolog\u00eda de las organizaciones. Desde su creaci\u00f3n hace m\u00e1s de dos d\u00e9cadas, ha sido organizada cada a\u00f1o por una instituci\u00f3n diferente.\u00a0 La 27\u00aa edici\u00f3n se<\/p>\n\t\t<\/div>\n\t\t\n\t\t<a class=\"elementor-post__read-more\" href=\"https:\/\/indem.uc3m.es\/es\/events\/nagymaros-conference\/\" aria-label=\"M\u00e1s informaci\u00f3n sobre Nagymaros Conference\" tabindex=\"-1\" >\n\t\t\tLeer m\u00e1s \u00bb\t\t<\/a>\n\n\t\t\t\t<\/div>\n\t\t\t\t<div class=\"elementor-post__meta-data\">\n\t\t\t\t\t<span class=\"elementor-post-date\">\n\t\t\tabril 4, 2024\t\t<\/span>\n\t\t\t\t<\/div>\n\t\t\t\t\t<\/div>\n\t\t<\/article>\n\t\t\t\t<article class=\"elementor-post elementor-grid-item post-7100 events type-events status-publish has-post-thumbnail hentry year-events-58\" role=\"listitem\">\n\t\t\t<div class=\"elementor-post__card\">\n\t\t\t\t<a class=\"elementor-post__thumbnail__link\" href=\"https:\/\/indem.uc3m.es\/es\/events\/regis-escuela-de-verano\/\" tabindex=\"-1\" ><div class=\"elementor-post__thumbnail\"><img loading=\"lazy\" decoding=\"async\" width=\"300\" height=\"109\" src=\"https:\/\/indem.uc3m.es\/wp-content\/uploads\/2025\/03\/news-1708689203-300x109.jpg\" class=\"attachment-medium size-medium wp-image-1621\" alt=\"REGIS Escuela de Verano\" srcset=\"https:\/\/indem.uc3m.es\/wp-content\/uploads\/2025\/03\/news-1708689203-300x109.jpg 300w, https:\/\/indem.uc3m.es\/wp-content\/uploads\/2025\/03\/news-1708689203-1024x372.jpg 1024w, https:\/\/indem.uc3m.es\/wp-content\/uploads\/2025\/03\/news-1708689203-768x279.jpg 768w, https:\/\/indem.uc3m.es\/wp-content\/uploads\/2025\/03\/news-1708689203.jpg 1140w\" sizes=\"(max-width: 300px) 100vw, 300px\" \/><\/div><\/a>\n\t\t\t\t<div class=\"elementor-post__badge\">2024<\/div>\n\t\t\t\t<div class=\"elementor-post__text\">\n\t\t\t\t<h3 class=\"elementor-post__title\">\n\t\t\t<a href=\"https:\/\/indem.uc3m.es\/es\/events\/regis-escuela-de-verano\/\" >\n\t\t\t\tREGIS Escuela de Verano\t\t\t<\/a>\n\t\t<\/h3>\n\t\t\t\t<div class=\"elementor-post__excerpt\">\n\t\t\t<p>Despu\u00e9s del \u00e9xito de la primera edici\u00f3n, estamos encantados de anunciar la segunda Escuela de Verano REGIS, un evento presencial de 4 d\u00edas en la Universidad Carlos III, Madrid , Espa\u00f1a . La escuela de verano incluir\u00e1 conferencias formales, talleres pr\u00e1cticos, sesiones de intercambio de ideas sobre trabajos de los<\/p>\n\t\t<\/div>\n\t\t\n\t\t<a class=\"elementor-post__read-more\" href=\"https:\/\/indem.uc3m.es\/es\/events\/regis-escuela-de-verano\/\" aria-label=\"M\u00e1s informaci\u00f3n sobre REGIS Escuela de Verano\" tabindex=\"-1\" >\n\t\t\tLeer m\u00e1s \u00bb\t\t<\/a>\n\n\t\t\t\t<\/div>\n\t\t\t\t<div class=\"elementor-post__meta-data\">\n\t\t\t\t\t<span class=\"elementor-post-date\">\n\t\t\tfebrero 14, 2024\t\t<\/span>\n\t\t\t\t<\/div>\n\t\t\t\t\t<\/div>\n\t\t<\/article>\n\t\t\t\t<article class=\"elementor-post elementor-grid-item post-7098 events type-events status-publish has-post-thumbnail hentry year-events-58\" role=\"listitem\">\n\t\t\t<div class=\"elementor-post__card\">\n\t\t\t\t<a class=\"elementor-post__thumbnail__link\" href=\"https:\/\/indem.uc3m.es\/es\/events\/workshop-viviendo-la-experiencia-de-emprender-emprendimiento-y-empresa-familiar-iii-6a-edicion\/\" tabindex=\"-1\" ><div class=\"elementor-post__thumbnail\"><img loading=\"lazy\" decoding=\"async\" width=\"300\" height=\"109\" src=\"https:\/\/indem.uc3m.es\/wp-content\/uploads\/2026\/01\/workshop-1704801970-300x109.jpg\" class=\"attachment-medium size-medium wp-image-7099\" alt=\"Workshop Viviendo la Experiencia de Emprender. Emprendimiento y Empresa Familiar III. 6\u00aa Edici\u00f3n\" srcset=\"https:\/\/indem.uc3m.es\/wp-content\/uploads\/2026\/01\/workshop-1704801970-300x109.jpg 300w, https:\/\/indem.uc3m.es\/wp-content\/uploads\/2026\/01\/workshop-1704801970-1024x372.jpg 1024w, https:\/\/indem.uc3m.es\/wp-content\/uploads\/2026\/01\/workshop-1704801970-768x279.jpg 768w, https:\/\/indem.uc3m.es\/wp-content\/uploads\/2026\/01\/workshop-1704801970.jpg 1402w\" sizes=\"(max-width: 300px) 100vw, 300px\" \/><\/div><\/a>\n\t\t\t\t<div class=\"elementor-post__badge\">2024<\/div>\n\t\t\t\t<div class=\"elementor-post__text\">\n\t\t\t\t<h3 class=\"elementor-post__title\">\n\t\t\t<a href=\"https:\/\/indem.uc3m.es\/es\/events\/workshop-viviendo-la-experiencia-de-emprender-emprendimiento-y-empresa-familiar-iii-6a-edicion\/\" >\n\t\t\t\tWorkshop Viviendo la Experiencia de Emprender. Emprendimiento y Empresa Familiar III. 6\u00aa Edici\u00f3n\t\t\t<\/a>\n\t\t<\/h3>\n\t\t\t\t<div class=\"elementor-post__excerpt\">\n\t\t\t<p>Esta nueva edici\u00f3n del Workshop combinar\u00e1 aspectos cruciales tanto dentro del \u00e1mbito del emprendimiento como de la empresa familiar, ofreciendo un enfoque integrador. Todo ello de la mano de ponentes con gran bagaje y experiencia, lo que permitir\u00e1 seguir profundizando en el conocimiento dentro en este campo de estudio El<\/p>\n\t\t<\/div>\n\t\t\n\t\t<a class=\"elementor-post__read-more\" href=\"https:\/\/indem.uc3m.es\/es\/events\/workshop-viviendo-la-experiencia-de-emprender-emprendimiento-y-empresa-familiar-iii-6a-edicion\/\" aria-label=\"M\u00e1s informaci\u00f3n sobre Workshop Viviendo la Experiencia de Emprender. Emprendimiento y Empresa Familiar III. 6\u00aa Edici\u00f3n\" tabindex=\"-1\" >\n\t\t\tLeer m\u00e1s \u00bb\t\t<\/a>\n\n\t\t\t\t<\/div>\n\t\t\t\t<div class=\"elementor-post__meta-data\">\n\t\t\t\t\t<span class=\"elementor-post-date\">\n\t\t\tenero 9, 2024\t\t<\/span>\n\t\t\t\t<\/div>\n\t\t\t\t\t<\/div>\n\t\t<\/article>\n\t\t\t\t<article class=\"elementor-post elementor-grid-item post-7097 events type-events status-publish has-post-thumbnail hentry year-events-58\" role=\"listitem\">\n\t\t\t<div class=\"elementor-post__card\">\n\t\t\t\t<a class=\"elementor-post__thumbnail__link\" href=\"https:\/\/indem.uc3m.es\/es\/events\/madrid-work-organizations-workshop-edicion-2024\/\" tabindex=\"-1\" ><div class=\"elementor-post__thumbnail\"><img loading=\"lazy\" decoding=\"async\" width=\"300\" height=\"109\" src=\"https:\/\/indem.uc3m.es\/wp-content\/uploads\/2025\/03\/news-1702974906-300x109.jpg\" class=\"attachment-medium size-medium wp-image-1615\" alt=\"Madrid Work &amp; Organizations Workshop Edici\u00f3n 2024\" srcset=\"https:\/\/indem.uc3m.es\/wp-content\/uploads\/2025\/03\/news-1702974906-300x109.jpg 300w, https:\/\/indem.uc3m.es\/wp-content\/uploads\/2025\/03\/news-1702974906-1024x371.jpg 1024w, https:\/\/indem.uc3m.es\/wp-content\/uploads\/2025\/03\/news-1702974906-768x279.jpg 768w, https:\/\/indem.uc3m.es\/wp-content\/uploads\/2025\/03\/news-1702974906.jpg 1530w\" sizes=\"(max-width: 300px) 100vw, 300px\" \/><\/div><\/a>\n\t\t\t\t<div class=\"elementor-post__badge\">2024<\/div>\n\t\t\t\t<div class=\"elementor-post__text\">\n\t\t\t\t<h3 class=\"elementor-post__title\">\n\t\t\t<a href=\"https:\/\/indem.uc3m.es\/es\/events\/madrid-work-organizations-workshop-edicion-2024\/\" >\n\t\t\t\tMadrid Work &#038; Organizations Workshop Edici\u00f3n 2024\t\t\t<\/a>\n\t\t<\/h3>\n\t\t\t\t<div class=\"elementor-post__excerpt\">\n\t\t\t<p>El Madrid Work &#038; Organizations Workshop, que comenz\u00f3 en 2011, re\u00fane a acad\u00e9micos que realizan investigaciones en capital humano estrat\u00e9gico, relaciones industriales, comportamiento organizacional, econom\u00eda de personal y campos relacionados. Es un foro informal para discutir trabajos en progreso y fomentar la colaboraci\u00f3n entre investigadores. Es un entorno excelente para<\/p>\n\t\t<\/div>\n\t\t\n\t\t<a class=\"elementor-post__read-more\" href=\"https:\/\/indem.uc3m.es\/es\/events\/madrid-work-organizations-workshop-edicion-2024\/\" aria-label=\"M\u00e1s informaci\u00f3n sobre Madrid Work &#038; Organizations Workshop Edici\u00f3n 2024\" tabindex=\"-1\" >\n\t\t\tLeer m\u00e1s \u00bb\t\t<\/a>\n\n\t\t\t\t<\/div>\n\t\t\t\t<div class=\"elementor-post__meta-data\">\n\t\t\t\t\t<span class=\"elementor-post-date\">\n\t\t\tdiciembre 15, 2023\t\t<\/span>\n\t\t\t\t<\/div>\n\t\t\t\t\t<\/div>\n\t\t<\/article>\n\t\t\t\t<article class=\"elementor-post elementor-grid-item post-7095 events type-events status-publish has-post-thumbnail hentry year-events-57\" role=\"listitem\">\n\t\t\t<div class=\"elementor-post__card\">\n\t\t\t\t<a class=\"elementor-post__thumbnail__link\" href=\"https:\/\/indem.uc3m.es\/es\/events\/xvii-international-accounting-research-symposium\/\" tabindex=\"-1\" ><div class=\"elementor-post__thumbnail\"><img loading=\"lazy\" decoding=\"async\" width=\"300\" height=\"109\" src=\"https:\/\/indem.uc3m.es\/wp-content\/uploads\/2026\/01\/workshop-1684486720-300x109.jpg\" class=\"attachment-medium size-medium wp-image-7096\" alt=\"XVII International Accounting Research Symposium\" srcset=\"https:\/\/indem.uc3m.es\/wp-content\/uploads\/2026\/01\/workshop-1684486720-300x109.jpg 300w, https:\/\/indem.uc3m.es\/wp-content\/uploads\/2026\/01\/workshop-1684486720-1024x372.jpg 1024w, https:\/\/indem.uc3m.es\/wp-content\/uploads\/2026\/01\/workshop-1684486720-768x279.jpg 768w, https:\/\/indem.uc3m.es\/wp-content\/uploads\/2026\/01\/workshop-1684486720.jpg 1444w\" sizes=\"(max-width: 300px) 100vw, 300px\" \/><\/div><\/a>\n\t\t\t\t<div class=\"elementor-post__badge\">2023<\/div>\n\t\t\t\t<div class=\"elementor-post__text\">\n\t\t\t\t<h3 class=\"elementor-post__title\">\n\t\t\t<a href=\"https:\/\/indem.uc3m.es\/es\/events\/xvii-international-accounting-research-symposium\/\" >\n\t\t\t\tXVII International Accounting Research Symposium\t\t\t<\/a>\n\t\t<\/h3>\n\t\t\t\t<div class=\"elementor-post__excerpt\">\n\t\t\t<p>The Symposium is addressed to PhD students, early stage faculty and researchers in Accounting and Finance. It represents a unique opportunity to attend lectures by expert faculty, and also, to interact with colleagues and receive feedback both on developed (papers) and developing projects (early stage ideas). This XVII edition is<\/p>\n\t\t<\/div>\n\t\t\n\t\t<a class=\"elementor-post__read-more\" href=\"https:\/\/indem.uc3m.es\/es\/events\/xvii-international-accounting-research-symposium\/\" aria-label=\"M\u00e1s informaci\u00f3n sobre XVII International Accounting Research Symposium\" tabindex=\"-1\" >\n\t\t\tLeer m\u00e1s \u00bb\t\t<\/a>\n\n\t\t\t\t<\/div>\n\t\t\t\t<div class=\"elementor-post__meta-data\">\n\t\t\t\t\t<span class=\"elementor-post-date\">\n\t\t\tmayo 19, 2023\t\t<\/span>\n\t\t\t\t<\/div>\n\t\t\t\t\t<\/div>\n\t\t<\/article>\n\t\t\t\t<article class=\"elementor-post elementor-grid-item post-7094 events type-events status-publish has-post-thumbnail hentry year-events-57\" role=\"listitem\">\n\t\t\t<div class=\"elementor-post__card\">\n\t\t\t\t<a class=\"elementor-post__thumbnail__link\" href=\"https:\/\/indem.uc3m.es\/es\/events\/xii-ciclo-de-conferencias-fundacion-ramon-areces-sobre-regulacion-contable-internacional-y-gobierno-corporativo\/\" tabindex=\"-1\" ><div class=\"elementor-post__thumbnail\"><img loading=\"lazy\" decoding=\"async\" width=\"300\" height=\"109\" src=\"https:\/\/indem.uc3m.es\/wp-content\/uploads\/2025\/03\/news-1683277032-300x109.jpg\" class=\"attachment-medium size-medium wp-image-1606\" alt=\"XII Ciclo de Conferencias Fundaci\u00f3n Ram\u00f3n Areces sobre &quot;Regulaci\u00f3n Contable Internacional y Gobierno Corporativo&quot;\" srcset=\"https:\/\/indem.uc3m.es\/wp-content\/uploads\/2025\/03\/news-1683277032-300x109.jpg 300w, https:\/\/indem.uc3m.es\/wp-content\/uploads\/2025\/03\/news-1683277032-1024x372.jpg 1024w, https:\/\/indem.uc3m.es\/wp-content\/uploads\/2025\/03\/news-1683277032-768x279.jpg 768w, https:\/\/indem.uc3m.es\/wp-content\/uploads\/2025\/03\/news-1683277032.jpg 1245w\" sizes=\"(max-width: 300px) 100vw, 300px\" \/><\/div><\/a>\n\t\t\t\t<div class=\"elementor-post__badge\">2023<\/div>\n\t\t\t\t<div class=\"elementor-post__text\">\n\t\t\t\t<h3 class=\"elementor-post__title\">\n\t\t\t<a href=\"https:\/\/indem.uc3m.es\/es\/events\/xii-ciclo-de-conferencias-fundacion-ramon-areces-sobre-regulacion-contable-internacional-y-gobierno-corporativo\/\" >\n\t\t\t\tXII Ciclo de Conferencias Fundaci\u00f3n Ram\u00f3n Areces sobre \u00abRegulaci\u00f3n Contable Internacional y Gobierno Corporativo\u00bb\t\t\t<\/a>\n\t\t<\/h3>\n\t\t\t\t<div class=\"elementor-post__excerpt\">\n\t\t\t<p>El Ciclo de conferencias sobre Regulaci\u00f3n contable internacional y gobierno corporativo, organizado en colaboraci\u00f3n con la C\u00e1tedra \u201cUAM-Auditores Madrid\u201d de Informaci\u00f3n Financiera Corporativa, tiene como objetivo reunir a profesionales, investigadores, alumnos y p\u00fablico general interesado en la Econom\u00eda Financiera y Contabilidad, con el objeto de debatir sobre la situaci\u00f3n actual<\/p>\n\t\t<\/div>\n\t\t\n\t\t<a class=\"elementor-post__read-more\" href=\"https:\/\/indem.uc3m.es\/es\/events\/xii-ciclo-de-conferencias-fundacion-ramon-areces-sobre-regulacion-contable-internacional-y-gobierno-corporativo\/\" aria-label=\"M\u00e1s informaci\u00f3n sobre XII Ciclo de Conferencias Fundaci\u00f3n Ram\u00f3n Areces sobre \u00abRegulaci\u00f3n Contable Internacional y Gobierno Corporativo\u00bb\" tabindex=\"-1\" >\n\t\t\tLeer m\u00e1s \u00bb\t\t<\/a>\n\n\t\t\t\t<\/div>\n\t\t\t\t<div class=\"elementor-post__meta-data\">\n\t\t\t\t\t<span class=\"elementor-post-date\">\n\t\t\tmayo 4, 2023\t\t<\/span>\n\t\t\t\t<\/div>\n\t\t\t\t\t<\/div>\n\t\t<\/article>\n\t\t\t\t<article class=\"elementor-post elementor-grid-item post-7093 events type-events status-publish has-post-thumbnail hentry year-events-57\" role=\"listitem\">\n\t\t\t<div class=\"elementor-post__card\">\n\t\t\t\t<a class=\"elementor-post__thumbnail__link\" href=\"https:\/\/indem.uc3m.es\/es\/events\/viviendo-la-experiencia-de-emprender\/\" tabindex=\"-1\" ><div class=\"elementor-post__thumbnail\"><img loading=\"lazy\" decoding=\"async\" width=\"300\" height=\"109\" src=\"https:\/\/indem.uc3m.es\/wp-content\/uploads\/2025\/03\/news-1569233300-300x109.jpg\" class=\"attachment-medium size-medium wp-image-1539\" alt=\"Viviendo la Experiencia de Emprender\" srcset=\"https:\/\/indem.uc3m.es\/wp-content\/uploads\/2025\/03\/news-1569233300-300x109.jpg 300w, https:\/\/indem.uc3m.es\/wp-content\/uploads\/2025\/03\/news-1569233300-1024x372.jpg 1024w, https:\/\/indem.uc3m.es\/wp-content\/uploads\/2025\/03\/news-1569233300-768x279.jpg 768w, https:\/\/indem.uc3m.es\/wp-content\/uploads\/2025\/03\/news-1569233300.jpg 1402w\" sizes=\"(max-width: 300px) 100vw, 300px\" \/><\/div><\/a>\n\t\t\t\t<div class=\"elementor-post__badge\">2023<\/div>\n\t\t\t\t<div class=\"elementor-post__text\">\n\t\t\t\t<h3 class=\"elementor-post__title\">\n\t\t\t<a href=\"https:\/\/indem.uc3m.es\/es\/events\/viviendo-la-experiencia-de-emprender\/\" >\n\t\t\t\tVIVIENDO LA EXPERIENCIA DE EMPRENDER\t\t\t<\/a>\n\t\t<\/h3>\n\t\t\t\t<div class=\"elementor-post__excerpt\">\n\t\t\t<p>Esta nueva edici\u00f3n del Workshop combinar\u00e1 aspectos cruciales tanto dentro del \u00e1mbito del emprendimiento como de la empresa familiar, ofreciendo un enfoque integrador. Todo ello de la mano de ponentes con gran bagaje y experiencia, lo que permitir\u00e1 seguir profundizando en el conocimiento dentro en este campo de estudio. El<\/p>\n\t\t<\/div>\n\t\t\n\t\t<a class=\"elementor-post__read-more\" href=\"https:\/\/indem.uc3m.es\/es\/events\/viviendo-la-experiencia-de-emprender\/\" aria-label=\"M\u00e1s informaci\u00f3n sobre VIVIENDO LA EXPERIENCIA DE EMPRENDER\" tabindex=\"-1\" >\n\t\t\tLeer m\u00e1s \u00bb\t\t<\/a>\n\n\t\t\t\t<\/div>\n\t\t\t\t<div class=\"elementor-post__meta-data\">\n\t\t\t\t\t<span class=\"elementor-post-date\">\n\t\t\tfebrero 6, 2023\t\t<\/span>\n\t\t\t\t<\/div>\n\t\t\t\t\t<\/div>\n\t\t<\/article>\n\t\t\t\t<article class=\"elementor-post elementor-grid-item post-7092 events type-events status-publish has-post-thumbnail hentry year-events-56\" role=\"listitem\">\n\t\t\t<div class=\"elementor-post__card\">\n\t\t\t\t<a class=\"elementor-post__thumbnail__link\" href=\"https:\/\/indem.uc3m.es\/es\/events\/como-impulsar-organizaciones-creativas-el-papel-de-la-gestion-de-personas\/\" tabindex=\"-1\" ><div class=\"elementor-post__thumbnail\"><img loading=\"lazy\" decoding=\"async\" width=\"300\" height=\"109\" src=\"https:\/\/indem.uc3m.es\/wp-content\/uploads\/2025\/03\/news-1646644117-300x109.jpg\" class=\"attachment-medium size-medium wp-image-1582\" alt=\"C\u00f3mo impulsar organizaciones creativas: el papel de la gesti\u00f3n de personas\" srcset=\"https:\/\/indem.uc3m.es\/wp-content\/uploads\/2025\/03\/news-1646644117-300x109.jpg 300w, https:\/\/indem.uc3m.es\/wp-content\/uploads\/2025\/03\/news-1646644117-1024x371.jpg 1024w, https:\/\/indem.uc3m.es\/wp-content\/uploads\/2025\/03\/news-1646644117-768x278.jpg 768w, https:\/\/indem.uc3m.es\/wp-content\/uploads\/2025\/03\/news-1646644117.jpg 1140w\" sizes=\"(max-width: 300px) 100vw, 300px\" \/><\/div><\/a>\n\t\t\t\t<div class=\"elementor-post__badge\">2022<\/div>\n\t\t\t\t<div class=\"elementor-post__text\">\n\t\t\t\t<h3 class=\"elementor-post__title\">\n\t\t\t<a href=\"https:\/\/indem.uc3m.es\/es\/events\/como-impulsar-organizaciones-creativas-el-papel-de-la-gestion-de-personas\/\" >\n\t\t\t\tC\u00f3mo impulsar organizaciones creativas: el papel de la gesti\u00f3n de personas\t\t\t<\/a>\n\t\t<\/h3>\n\t\t\t\t<div class=\"elementor-post__excerpt\">\n\t\t\t<p>La creatividad es un activo fundamental que permite a las organizaciones adaptarse al mercado y a su entorno dise\u00f1ando nuevos productos, servicios o procesos. Como todo activo organizacional, las actividades creativas deben ser gestionadas para maximizarlas, optimizarlas y acelerarlas. En todo este proceso de dise\u00f1o e implementaci\u00f3n de la actividad<\/p>\n\t\t<\/div>\n\t\t\n\t\t<a class=\"elementor-post__read-more\" href=\"https:\/\/indem.uc3m.es\/es\/events\/como-impulsar-organizaciones-creativas-el-papel-de-la-gestion-de-personas\/\" aria-label=\"M\u00e1s informaci\u00f3n sobre C\u00f3mo impulsar organizaciones creativas: el papel de la gesti\u00f3n de personas\" tabindex=\"-1\" >\n\t\t\tLeer m\u00e1s \u00bb\t\t<\/a>\n\n\t\t\t\t<\/div>\n\t\t\t\t<div class=\"elementor-post__meta-data\">\n\t\t\t\t\t<span class=\"elementor-post-date\">\n\t\t\tmarzo 4, 2022\t\t<\/span>\n\t\t\t\t<\/div>\n\t\t\t\t\t<\/div>\n\t\t<\/article>\n\t\t\t\t<article class=\"elementor-post elementor-grid-item post-7090 events type-events status-publish has-post-thumbnail hentry year-events-56\" role=\"listitem\">\n\t\t\t<div class=\"elementor-post__card\">\n\t\t\t\t<a class=\"elementor-post__thumbnail__link\" href=\"https:\/\/indem.uc3m.es\/es\/events\/avances-recientes-en-la-valoracion-y-gestion-de-activos\/\" tabindex=\"-1\" ><div class=\"elementor-post__thumbnail\"><img loading=\"lazy\" decoding=\"async\" width=\"300\" height=\"109\" src=\"https:\/\/indem.uc3m.es\/wp-content\/uploads\/2026\/01\/workshop-1644839460-300x109.jpg\" class=\"attachment-medium size-medium wp-image-7091\" alt=\"Avances recientes en la valoraci\u00f3n y gesti\u00f3n de activos\" srcset=\"https:\/\/indem.uc3m.es\/wp-content\/uploads\/2026\/01\/workshop-1644839460-300x109.jpg 300w, https:\/\/indem.uc3m.es\/wp-content\/uploads\/2026\/01\/workshop-1644839460-1024x371.jpg 1024w, https:\/\/indem.uc3m.es\/wp-content\/uploads\/2026\/01\/workshop-1644839460-768x278.jpg 768w, https:\/\/indem.uc3m.es\/wp-content\/uploads\/2026\/01\/workshop-1644839460.jpg 1106w\" sizes=\"(max-width: 300px) 100vw, 300px\" \/><\/div><\/a>\n\t\t\t\t<div class=\"elementor-post__badge\">2022<\/div>\n\t\t\t\t<div class=\"elementor-post__text\">\n\t\t\t\t<h3 class=\"elementor-post__title\">\n\t\t\t<a href=\"https:\/\/indem.uc3m.es\/es\/events\/avances-recientes-en-la-valoracion-y-gestion-de-activos\/\" >\n\t\t\t\tAvances recientes en la valoraci\u00f3n y gesti\u00f3n de activos\t\t\t<\/a>\n\t\t<\/h3>\n\t\t\t\t<div class=\"elementor-post__excerpt\">\n\t\t\t<p>El evento es un encuentro de expertos al m\u00e1ximo nivel en Finanzas sobre la gesti\u00f3n de carteras y valoraci\u00f3n de activos. El objetivo es conocer de cerca las innovaciones m\u00e1s punteras en los siguientes \u00e1mbitos: Gesti\u00f3n de activos, mediante la asistencia de Andrew Ang, director de inversiones de la mayor<\/p>\n\t\t<\/div>\n\t\t\n\t\t<a class=\"elementor-post__read-more\" href=\"https:\/\/indem.uc3m.es\/es\/events\/avances-recientes-en-la-valoracion-y-gestion-de-activos\/\" aria-label=\"M\u00e1s informaci\u00f3n sobre Avances recientes en la valoraci\u00f3n y gesti\u00f3n de activos\" tabindex=\"-1\" >\n\t\t\tLeer m\u00e1s \u00bb\t\t<\/a>\n\n\t\t\t\t<\/div>\n\t\t\t\t<div class=\"elementor-post__meta-data\">\n\t\t\t\t\t<span class=\"elementor-post-date\">\n\t\t\tfebrero 14, 2022\t\t<\/span>\n\t\t\t\t<\/div>\n\t\t\t\t\t<\/div>\n\t\t<\/article>\n\t\t\t\t<article class=\"elementor-post elementor-grid-item post-7088 events type-events status-publish has-post-thumbnail hentry year-events-54\" role=\"listitem\">\n\t\t\t<div class=\"elementor-post__card\">\n\t\t\t\t<a class=\"elementor-post__thumbnail__link\" href=\"https:\/\/indem.uc3m.es\/es\/events\/viviendo-la-experiencia-de-emprender-4a-edicion\/\" tabindex=\"-1\" ><div class=\"elementor-post__thumbnail\"><img loading=\"lazy\" decoding=\"async\" width=\"300\" height=\"109\" src=\"https:\/\/indem.uc3m.es\/wp-content\/uploads\/2026\/01\/workshop-1631256248-300x109.jpg\" class=\"attachment-medium size-medium wp-image-7089\" alt=\"Viviendo la Experiencia de Emprender (4\u00aa Edici\u00f3n)\" srcset=\"https:\/\/indem.uc3m.es\/wp-content\/uploads\/2026\/01\/workshop-1631256248-300x109.jpg 300w, https:\/\/indem.uc3m.es\/wp-content\/uploads\/2026\/01\/workshop-1631256248-1024x372.jpg 1024w, https:\/\/indem.uc3m.es\/wp-content\/uploads\/2026\/01\/workshop-1631256248-768x279.jpg 768w, https:\/\/indem.uc3m.es\/wp-content\/uploads\/2026\/01\/workshop-1631256248.jpg 1140w\" sizes=\"(max-width: 300px) 100vw, 300px\" \/><\/div><\/a>\n\t\t\t\t<div class=\"elementor-post__badge\">2021<\/div>\n\t\t\t\t<div class=\"elementor-post__text\">\n\t\t\t\t<h3 class=\"elementor-post__title\">\n\t\t\t<a href=\"https:\/\/indem.uc3m.es\/es\/events\/viviendo-la-experiencia-de-emprender-4a-edicion\/\" >\n\t\t\t\tViviendo la Experiencia de Emprender (4\u00aa Edici\u00f3n)\t\t\t<\/a>\n\t\t<\/h3>\n\t\t\t\t<div class=\"elementor-post__excerpt\">\n\t\t\t<p>4\u00aa Edici\u00f3n del Workshop Viviendo la Experiencia de Emprender El workshop se celebrar\u00e1 virtualmente los d\u00edas 4 y 5 de octubre de 2021 con la participaci\u00f3n de algunos de los m\u00e1s destacados investigadores y profesionales, tanto espa\u00f1oles como internacionales. Se trata de un evento h\u00edbrido con excelentes ponentes del mundo<\/p>\n\t\t<\/div>\n\t\t\n\t\t<a class=\"elementor-post__read-more\" href=\"https:\/\/indem.uc3m.es\/es\/events\/viviendo-la-experiencia-de-emprender-4a-edicion\/\" aria-label=\"M\u00e1s informaci\u00f3n sobre Viviendo la Experiencia de Emprender (4\u00aa Edici\u00f3n)\" tabindex=\"-1\" >\n\t\t\tLeer m\u00e1s \u00bb\t\t<\/a>\n\n\t\t\t\t<\/div>\n\t\t\t\t<div class=\"elementor-post__meta-data\">\n\t\t\t\t\t<span class=\"elementor-post-date\">\n\t\t\tseptiembre 10, 2021\t\t<\/span>\n\t\t\t\t<\/div>\n\t\t\t\t\t<\/div>\n\t\t<\/article>\n\t\t\t\t<\/div>\n\t\t\n\t\t\t\t<div class=\"e-load-more-anchor\" data-page=\"1\" data-max-page=\"4\" data-next-page=\"https:\/\/indem.uc3m.es\/es\/wp-json\/wp\/v2\/pages\/7173\/page\/2\/\"><\/div>\n\t\t\t\t<nav class=\"elementor-pagination\" aria-label=\"Paginaci\u00f3n\">\n\t\t\t<span class=\"page-numbers prev\">&laquo; Anterior<\/span>\n<span aria-current=\"page\" class=\"page-numbers current\"><span class=\"elementor-screen-only\">P\u00e1gina<\/span>1<\/span>\n<a class=\"page-numbers\" href=\"https:\/\/indem.uc3m.es\/es\/wp-json\/wp\/v2\/pages\/7173\/page\/2\/\"><span class=\"elementor-screen-only\">P\u00e1gina<\/span>2<\/a>\n<a class=\"page-numbers\" href=\"https:\/\/indem.uc3m.es\/es\/wp-json\/wp\/v2\/pages\/7173\/page\/3\/\"><span class=\"elementor-screen-only\">P\u00e1gina<\/span>3<\/a>\n<a class=\"page-numbers\" href=\"https:\/\/indem.uc3m.es\/es\/wp-json\/wp\/v2\/pages\/7173\/page\/4\/\"><span class=\"elementor-screen-only\">P\u00e1gina<\/span>4<\/a>\n<a class=\"page-numbers next\" href=\"https:\/\/indem.uc3m.es\/es\/wp-json\/wp\/v2\/pages\/7173\/page\/2\/\">Siguiente &raquo;<\/a>\t\t<\/nav>\n\t\t\t\t\t\t<\/div>\n\t\t\t\t<\/div>\n\t\t\t\t\t<\/div>\n\t\t\t\t<\/div>\n\t\t\t\t<\/div>\n\t\t","protected":false},"excerpt":{"rendered":"<p>Eventos<\/p>\n","protected":false},"author":1,"featured_media":0,"parent":0,"menu_order":0,"comment_status":"closed","ping_status":"closed","template":"elementor_header_footer","meta":{"site-sidebar-layout":"no-sidebar","site-content-layout":"page-builder","ast-site-content-layout":"full-width-container","site-content-style":"unboxed","site-sidebar-style":"unboxed","ast-global-header-display":"","ast-banner-title-visibility":"","ast-main-header-display":"","ast-hfb-above-header-display":"","ast-hfb-below-header-display":"","ast-hfb-mobile-header-display":"","site-post-title":"disabled","ast-breadcrumbs-content":"disabled","ast-featured-img":"disabled","footer-sml-layout":"","ast-disable-related-posts":"","theme-transparent-header-meta":"default","adv-header-id-meta":"","stick-header-meta":"","header-above-stick-meta":"","header-main-stick-meta":"","header-below-stick-meta":"","astra-migrate-meta-layouts":"set","ast-page-background-enabled":"default","ast-page-background-meta":{"desktop":{"background-color":"","background-image":"","background-repeat":"repeat","background-position":"center center","background-size":"auto","background-attachment":"scroll","background-type":"","background-media":"","overlay-type":"","overlay-color":"","overlay-opacity":"","overlay-gradient":""},"tablet":{"background-color":"","background-image":"","background-repeat":"repeat","background-position":"center center","background-size":"auto","background-attachment":"scroll","background-type":"","background-media":"","overlay-type":"","overlay-color":"","overlay-opacity":"","overlay-gradient":""},"mobile":{"background-color":"","background-image":"","background-repeat":"repeat","background-position":"center center","background-size":"auto","background-attachment":"scroll","background-type":"","background-media":"","overlay-type":"","overlay-color":"","overlay-opacity":"","overlay-gradient":""}},"ast-content-background-meta":{"desktop":{"background-color":"var(--ast-global-color-5)","background-image":"","background-repeat":"repeat","background-position":"center center","background-size":"auto","background-attachment":"scroll","background-type":"","background-media":"","overlay-type":"","overlay-color":"","overlay-opacity":"","overlay-gradient":""},"tablet":{"background-color":"var(--ast-global-color-5)","background-image":"","background-repeat":"repeat","background-position":"center center","background-size":"auto","background-attachment":"scroll","background-type":"","background-media":"","overlay-type":"","overlay-color":"","overlay-opacity":"","overlay-gradient":""},"mobile":{"background-color":"var(--ast-global-color-5)","background-image":"","background-repeat":"repeat","background-position":"center center","background-size":"auto","background-attachment":"scroll","background-type":"","background-media":"","overlay-type":"","overlay-color":"","overlay-opacity":"","overlay-gradient":""}},"footnotes":""},"class_list":["post-7173","page","type-page","status-publish","hentry"],"yoast_head":"<!-- This site is optimized with the Yoast SEO plugin v27.5 - https:\/\/yoast.com\/product\/yoast-seo-wordpress\/ -->\n<title>Eventos - INDEM - Departamento de Econom\u00eda de la Empresa<\/title>\n<meta name=\"robots\" content=\"index, follow, max-snippet:-1, max-image-preview:large, max-video-preview:-1\" \/>\n<link rel=\"canonical\" href=\"https:\/\/indem.uc3m.es\/es\/eventos\/\" \/>\n<meta property=\"og:locale\" content=\"es_ES\" \/>\n<meta property=\"og:type\" content=\"article\" \/>\n<meta property=\"og:title\" content=\"Eventos - INDEM - Departamento de Econom\u00eda de la Empresa\" \/>\n<meta property=\"og:description\" content=\"Eventos\" \/>\n<meta property=\"og:url\" content=\"https:\/\/indem.uc3m.es\/es\/eventos\/\" \/>\n<meta property=\"og:site_name\" content=\"INDEM - Departamento de Econom\u00eda de la Empresa\" \/>\n<meta property=\"article:modified_time\" content=\"2026-01-22T13:07:14+00:00\" \/>\n<meta name=\"twitter:card\" content=\"summary_large_image\" \/>\n<meta name=\"twitter:label1\" content=\"Tiempo de lectura\" \/>\n\t<meta name=\"twitter:data1\" content=\"11 minutos\" \/>\n<script type=\"application\/ld+json\" class=\"yoast-schema-graph\">{\"@context\":\"https:\\\/\\\/schema.org\",\"@graph\":[{\"@type\":\"WebPage\",\"@id\":\"https:\\\/\\\/indem.uc3m.es\\\/es\\\/eventos\\\/\",\"url\":\"https:\\\/\\\/indem.uc3m.es\\\/es\\\/eventos\\\/\",\"name\":\"Eventos - INDEM - Departamento de Econom\u00eda de la Empresa\",\"isPartOf\":{\"@id\":\"https:\\\/\\\/indem.uc3m.es\\\/es\\\/#website\"},\"datePublished\":\"2026-01-22T12:52:49+00:00\",\"dateModified\":\"2026-01-22T13:07:14+00:00\",\"breadcrumb\":{\"@id\":\"https:\\\/\\\/indem.uc3m.es\\\/es\\\/eventos\\\/#breadcrumb\"},\"inLanguage\":\"es\",\"potentialAction\":[{\"@type\":\"ReadAction\",\"target\":[\"https:\\\/\\\/indem.uc3m.es\\\/es\\\/eventos\\\/\"]}]},{\"@type\":\"BreadcrumbList\",\"@id\":\"https:\\\/\\\/indem.uc3m.es\\\/es\\\/eventos\\\/#breadcrumb\",\"itemListElement\":[{\"@type\":\"ListItem\",\"position\":1,\"name\":\"Portada\",\"item\":\"https:\\\/\\\/indem.uc3m.es\\\/es\\\/\"},{\"@type\":\"ListItem\",\"position\":2,\"name\":\"Eventos\"}]},{\"@type\":\"WebSite\",\"@id\":\"https:\\\/\\\/indem.uc3m.es\\\/es\\\/#website\",\"url\":\"https:\\\/\\\/indem.uc3m.es\\\/es\\\/\",\"name\":\"INDEM - Departamento de Econom\u00eda de la Empresa\",\"description\":\"A Journey to Excellence.\",\"publisher\":{\"@id\":\"https:\\\/\\\/indem.uc3m.es\\\/es\\\/#organization\"},\"potentialAction\":[{\"@type\":\"SearchAction\",\"target\":{\"@type\":\"EntryPoint\",\"urlTemplate\":\"https:\\\/\\\/indem.uc3m.es\\\/es\\\/?s={search_term_string}\"},\"query-input\":{\"@type\":\"PropertyValueSpecification\",\"valueRequired\":true,\"valueName\":\"search_term_string\"}}],\"inLanguage\":\"es\"},{\"@type\":\"Organization\",\"@id\":\"https:\\\/\\\/indem.uc3m.es\\\/es\\\/#organization\",\"name\":\"INDEM - Departamento de Econom\u00eda de la Empresa\",\"url\":\"https:\\\/\\\/indem.uc3m.es\\\/es\\\/\",\"logo\":{\"@type\":\"ImageObject\",\"inLanguage\":\"es\",\"@id\":\"https:\\\/\\\/indem.uc3m.es\\\/es\\\/#\\\/schema\\\/logo\\\/image\\\/\",\"url\":\"https:\\\/\\\/indem.uc3m.es\\\/wp-content\\\/uploads\\\/2025\\\/03\\\/cropped-uc3m_Denom_InstitutoDeasrrollo_Empresarial-01.png\",\"contentUrl\":\"https:\\\/\\\/indem.uc3m.es\\\/wp-content\\\/uploads\\\/2025\\\/03\\\/cropped-uc3m_Denom_InstitutoDeasrrollo_Empresarial-01.png\",\"width\":675,\"height\":129,\"caption\":\"INDEM - Departamento de Econom\u00eda de la Empresa\"},\"image\":{\"@id\":\"https:\\\/\\\/indem.uc3m.es\\\/es\\\/#\\\/schema\\\/logo\\\/image\\\/\"}}]}<\/script>\n<!-- \/ Yoast SEO plugin. -->","yoast_head_json":{"title":"Eventos - INDEM - Departamento de Econom\u00eda de la Empresa","robots":{"index":"index","follow":"follow","max-snippet":"max-snippet:-1","max-image-preview":"max-image-preview:large","max-video-preview":"max-video-preview:-1"},"canonical":"https:\/\/indem.uc3m.es\/es\/eventos\/","og_locale":"es_ES","og_type":"article","og_title":"Eventos - INDEM - Departamento de Econom\u00eda de la Empresa","og_description":"Eventos","og_url":"https:\/\/indem.uc3m.es\/es\/eventos\/","og_site_name":"INDEM - Departamento de Econom\u00eda de la Empresa","article_modified_time":"2026-01-22T13:07:14+00:00","twitter_card":"summary_large_image","twitter_misc":{"Tiempo de lectura":"11 minutos"},"schema":{"@context":"https:\/\/schema.org","@graph":[{"@type":"WebPage","@id":"https:\/\/indem.uc3m.es\/es\/eventos\/","url":"https:\/\/indem.uc3m.es\/es\/eventos\/","name":"Eventos - INDEM - Departamento de Econom\u00eda de la Empresa","isPartOf":{"@id":"https:\/\/indem.uc3m.es\/es\/#website"},"datePublished":"2026-01-22T12:52:49+00:00","dateModified":"2026-01-22T13:07:14+00:00","breadcrumb":{"@id":"https:\/\/indem.uc3m.es\/es\/eventos\/#breadcrumb"},"inLanguage":"es","potentialAction":[{"@type":"ReadAction","target":["https:\/\/indem.uc3m.es\/es\/eventos\/"]}]},{"@type":"BreadcrumbList","@id":"https:\/\/indem.uc3m.es\/es\/eventos\/#breadcrumb","itemListElement":[{"@type":"ListItem","position":1,"name":"Portada","item":"https:\/\/indem.uc3m.es\/es\/"},{"@type":"ListItem","position":2,"name":"Eventos"}]},{"@type":"WebSite","@id":"https:\/\/indem.uc3m.es\/es\/#website","url":"https:\/\/indem.uc3m.es\/es\/","name":"INDEM - Departamento de Econom\u00eda de la Empresa","description":"A Journey to Excellence.","publisher":{"@id":"https:\/\/indem.uc3m.es\/es\/#organization"},"potentialAction":[{"@type":"SearchAction","target":{"@type":"EntryPoint","urlTemplate":"https:\/\/indem.uc3m.es\/es\/?s={search_term_string}"},"query-input":{"@type":"PropertyValueSpecification","valueRequired":true,"valueName":"search_term_string"}}],"inLanguage":"es"},{"@type":"Organization","@id":"https:\/\/indem.uc3m.es\/es\/#organization","name":"INDEM - Departamento de Econom\u00eda de la Empresa","url":"https:\/\/indem.uc3m.es\/es\/","logo":{"@type":"ImageObject","inLanguage":"es","@id":"https:\/\/indem.uc3m.es\/es\/#\/schema\/logo\/image\/","url":"https:\/\/indem.uc3m.es\/wp-content\/uploads\/2025\/03\/cropped-uc3m_Denom_InstitutoDeasrrollo_Empresarial-01.png","contentUrl":"https:\/\/indem.uc3m.es\/wp-content\/uploads\/2025\/03\/cropped-uc3m_Denom_InstitutoDeasrrollo_Empresarial-01.png","width":675,"height":129,"caption":"INDEM - Departamento de Econom\u00eda de la Empresa"},"image":{"@id":"https:\/\/indem.uc3m.es\/es\/#\/schema\/logo\/image\/"}}]}},"_links":{"self":[{"href":"https:\/\/indem.uc3m.es\/es\/wp-json\/wp\/v2\/pages\/7173","targetHints":{"allow":["GET"]}}],"collection":[{"href":"https:\/\/indem.uc3m.es\/es\/wp-json\/wp\/v2\/pages"}],"about":[{"href":"https:\/\/indem.uc3m.es\/es\/wp-json\/wp\/v2\/types\/page"}],"author":[{"embeddable":true,"href":"https:\/\/indem.uc3m.es\/es\/wp-json\/wp\/v2\/users\/1"}],"replies":[{"embeddable":true,"href":"https:\/\/indem.uc3m.es\/es\/wp-json\/wp\/v2\/comments?post=7173"}],"version-history":[{"count":7,"href":"https:\/\/indem.uc3m.es\/es\/wp-json\/wp\/v2\/pages\/7173\/revisions"}],"predecessor-version":[{"id":7190,"href":"https:\/\/indem.uc3m.es\/es\/wp-json\/wp\/v2\/pages\/7173\/revisions\/7190"}],"wp:attachment":[{"href":"https:\/\/indem.uc3m.es\/es\/wp-json\/wp\/v2\/media?parent=7173"}],"curies":[{"name":"wp","href":"https:\/\/api.w.org\/{rel}","templated":true}]}}